
{"id":23702,"date":"2025-03-26T11:24:22","date_gmt":"2025-03-26T10:24:22","guid":{"rendered":"https:\/\/telavox.be\/funktioner\/schemalagg-handelser-och-helgdagar\/"},"modified":"2025-07-31T22:34:34","modified_gmt":"2025-07-31T20:34:34","slug":"planification-des-evenements-et-des-jours-feries","status":"publish","type":"feature","link":"https:\/\/telavox.be\/fr\/fonctionnalites\/planification-des-evenements-et-des-jours-feries\/","title":{"rendered":"Planification des \u00e9v\u00e9nements et des jours f\u00e9ri\u00e9s"},"content":{"rendered":"\n<h3 class=\"wp-block-heading\" id=\"h-planification-efficace-de-votre-plateforme-telephonique\"><strong><strong>Planification efficace de votre plateforme t\u00e9l\u00e9phonique<\/strong><\/strong><\/h3>\n\n\n\n<p>G\u00e9rer les horaires d\u2019ouverture et les jours f\u00e9ri\u00e9s dans votre plateforme de t\u00e9l\u00e9phonie peut \u00eatre chronophage, surtout pour les entreprises disposant de plusieurs services. Gr\u00e2ce \u00e0 cette fonctionnalit\u00e9, vous pouvez\u202f:<\/p>\n\n\n\n<p><\/p>\n\n\n\n<ul class=\"wp-block-list\">\n<li><strong>Planifier des \u00e9v\u00e9nements et jours f\u00e9ri\u00e9s<\/strong> directement depuis le portail d\u2019administration.<\/li>\n\n\n\n<li><strong>Appliquer des modifications group\u00e9es<\/strong> pour mettre \u00e0 jour plusieurs services de la platforme en m\u00eame temps.<\/li>\n\n\n\n<li><strong>Configurer les SVI (IVR)<\/strong> <strong>et files d\u2019attente<\/strong> pour qu\u2019ils suivent automatiquement le planning des jours f\u00e9ri\u00e9s.<\/li>\n\n\n\n<li><strong>Adapter les horaires d\u2019ouverture<\/strong> aux jours de fermeture pr\u00e9d\u00e9finis et aux modes de fonctionnement afin d\u2019offrir plus de flexibilit\u00e9. <\/li>\n\n\n\n<li><strong>Choisir votre pays<\/strong> et appliquer les jours f\u00e9ri\u00e9s officiels en quelques clics.<\/li>\n<\/ul>\n\n\n\n<h3 class=\"wp-block-heading\" id=\"h-comment-ca-fonctionne\"><strong>Comment \u00e7a fonctionne<\/strong> ?<\/h3>\n\n\n\n<p><\/p>\n\n\n\n<ol class=\"wp-block-list\">\n<li>Connectez-vous au portail d\u2019administration.<\/li>\n\n\n\n<li>Acc\u00e9dez aux services PBX et passez en vue tableau.<\/li>\n\n\n\n<li>Cliquez sur \u00ab Planification \u00bb et s\u00e9lectionnez les \u00ab\u00a0modes PBX\u00a0\u00bb que vous souhaitez modifier.<\/li>\n\n\n\n<li>Choisissez entre \u00e9v\u00e9nements personnalis\u00e9s ou jours f\u00e9ri\u00e9s.<\/li>\n\n\n\n<li>Indiquez les heures d\u2019ouverture, les heures de d\u00e9but et de fin, ainsi que les param\u00e8tres de r\u00e9currence.<\/li>\n\n\n\n<li>Enregistrez et appliquez les modifications en masse.<\/li>\n<\/ol>\n\n\n\n<p><\/p>\n\n\n\n<p>Avec cette fonctionnalit\u00e9, g\u00e9rer les horaires d\u2019ouverture de votre plateforme t\u00e9l\u00e9phonique n\u2019a jamais \u00e9t\u00e9 aussi simple.<br>Que vous administriez des files d\u2019attente ou un serveur vocal interactif (SVI), vous pouvez d\u00e9sormais planifier et modifier vos services de t\u00e9l\u00e9phonie de mani\u00e8re efficace, le tout depuis une vue centralis\u00e9e.<\/p>\n\n\n\n<p>Consultez notre <a href=\"https:\/\/support.telavox.com\/fr_FR\/planification-devenements-personnalises-et-de-jours-feries\">FAQ <\/a>pour plus d&rsquo;informations.<\/p>\n\n\n\n<p><\/p>\n","protected":false},"excerpt":{"rendered":"<p>Planification efficace de votre plateforme t\u00e9l\u00e9phonique G\u00e9rer les horaires d\u2019ouverture et les jours f\u00e9ri\u00e9s dans votre plateforme de t\u00e9l\u00e9phonie peut \u00eatre chronophage, surtout pour les entreprises disposant de plusieurs services. Gr\u00e2ce \u00e0 cette fonctionnalit\u00e9, vous pouvez\u202f: Comment \u00e7a fonctionne ? Avec cette fonctionnalit\u00e9, g\u00e9rer les horaires d\u2019ouverture de votre plateforme t\u00e9l\u00e9phonique n\u2019a jamais \u00e9t\u00e9 aussi [&hellip;]<\/p>\n","protected":false},"featured_media":23700,"parent":0,"template":"","meta":{"_acf_changed":false,"content-type":"","inline_featured_image":false},"feature-category":[626],"class_list":["post-23702","feature","type-feature","status-publish","has-post-thumbnail","hentry","feature-category-plateforme-de-telephonie"],"acf":{"feature_introduction":"Avec cette fonctionnalit\u00e9, g\u00e9rer les horaires d\u2019ouverture de votre plateforme t\u00e9l\u00e9phonique n\u2019a jamais \u00e9t\u00e9 aussi simple.\r\nQue vous administriez des files d\u2019attente ou un serveur vocal interactif (SVI), vous pouvez d\u00e9sormais planifier et modifier vos services de t\u00e9l\u00e9phonie de mani\u00e8re efficace, le tout depuis une vue centralis\u00e9e.","feature_icon":25159},"yoast_head":"<!-- This site is optimized with the Yoast SEO Premium plugin v23.8 (Yoast SEO v27.0) - https:\/\/yoast.com\/product\/yoast-seo-premium-wordpress\/ -->\n<title>Planification des \u00e9v\u00e9nements et des jours f\u00e9ri\u00e9s | Telavox<\/title>\n<meta name=\"description\" content=\"Avec cette fonctionnalit\u00e9, g\u00e9rer les horaires d\u2019ouverture de votre plateforme t\u00e9l\u00e9phonique n\u2019a jamais \u00e9t\u00e9 aussi simple. Telavox\" \/>\n<meta name=\"robots\" content=\"index, follow, max-snippet:-1, max-image-preview:large, max-video-preview:-1\" \/>\n<link rel=\"canonical\" href=\"https:\/\/telavox.be\/fr\/fonctionnalites\/planification-des-evenements-et-des-jours-feries\/\" \/>\n<meta property=\"og:locale\" content=\"fr_FR\" \/>\n<meta property=\"og:type\" content=\"article\" \/>\n<meta property=\"og:title\" content=\"Planification des \u00e9v\u00e9nements et des jours f\u00e9ri\u00e9s\" \/>\n<meta property=\"og:description\" content=\"Avec cette fonctionnalit\u00e9, g\u00e9rer les horaires d\u2019ouverture de votre plateforme t\u00e9l\u00e9phonique n\u2019a jamais \u00e9t\u00e9 aussi simple. Telavox\" \/>\n<meta property=\"og:url\" content=\"https:\/\/telavox.be\/fr\/fonctionnalites\/planification-des-evenements-et-des-jours-feries\/\" \/>\n<meta property=\"og:site_name\" content=\"Telavox\" \/>\n<meta property=\"article:publisher\" content=\"https:\/\/www.facebook.com\/telavox\/\" \/>\n<meta property=\"article:modified_time\" content=\"2025-07-31T20:34:34+00:00\" \/>\n<meta property=\"og:image\" content=\"https:\/\/telavox.be\/wp-content\/uploads\/2025\/04\/scheduled-events-pbx-telavox.png\" \/>\n\t<meta property=\"og:image:width\" content=\"2458\" \/>\n\t<meta property=\"og:image:height\" content=\"1348\" \/>\n\t<meta property=\"og:image:type\" content=\"image\/png\" \/>\n<meta name=\"twitter:card\" content=\"summary_large_image\" \/>\n<meta name=\"twitter:site\" content=\"@telavox\" \/>\n<meta name=\"twitter:label1\" content=\"Dur\u00e9e de lecture estim\u00e9e\" \/>\n\t<meta name=\"twitter:data1\" content=\"2 minutes\" \/>\n<script type=\"application\/ld+json\" class=\"yoast-schema-graph\">{\"@context\":\"https:\/\/schema.org\",\"@graph\":[{\"@type\":\"WebPage\",\"@id\":\"https:\/\/telavox.be\/fr\/fonctionnalites\/planification-des-evenements-et-des-jours-feries\/\",\"url\":\"https:\/\/telavox.be\/fr\/fonctionnalites\/planification-des-evenements-et-des-jours-feries\/\",\"name\":\"Planification des \u00e9v\u00e9nements et des jours f\u00e9ri\u00e9s | Telavox\",\"isPartOf\":{\"@id\":\"https:\/\/telavox.be\/fr\/#website\"},\"primaryImageOfPage\":{\"@id\":\"https:\/\/telavox.be\/fr\/fonctionnalites\/planification-des-evenements-et-des-jours-feries\/#primaryimage\"},\"image\":{\"@id\":\"https:\/\/telavox.be\/fr\/fonctionnalites\/planification-des-evenements-et-des-jours-feries\/#primaryimage\"},\"thumbnailUrl\":\"https:\/\/telavox.be\/wp-content\/uploads\/2025\/04\/scheduled-events-pbx-telavox.png\",\"datePublished\":\"2025-03-26T10:24:22+00:00\",\"dateModified\":\"2025-07-31T20:34:34+00:00\",\"description\":\"Avec cette fonctionnalit\u00e9, g\u00e9rer les horaires d\u2019ouverture de votre plateforme t\u00e9l\u00e9phonique n\u2019a jamais \u00e9t\u00e9 aussi simple. Telavox\",\"breadcrumb\":{\"@id\":\"https:\/\/telavox.be\/fr\/fonctionnalites\/planification-des-evenements-et-des-jours-feries\/#breadcrumb\"},\"inLanguage\":\"fr-FR\",\"potentialAction\":[{\"@type\":\"ReadAction\",\"target\":[\"https:\/\/telavox.be\/fr\/fonctionnalites\/planification-des-evenements-et-des-jours-feries\/\"]}]},{\"@type\":\"ImageObject\",\"inLanguage\":\"fr-FR\",\"@id\":\"https:\/\/telavox.be\/fr\/fonctionnalites\/planification-des-evenements-et-des-jours-feries\/#primaryimage\",\"url\":\"https:\/\/telavox.be\/wp-content\/uploads\/2025\/04\/scheduled-events-pbx-telavox.png\",\"contentUrl\":\"https:\/\/telavox.be\/wp-content\/uploads\/2025\/04\/scheduled-events-pbx-telavox.png\",\"width\":2458,\"height\":1348},{\"@type\":\"BreadcrumbList\",\"@id\":\"https:\/\/telavox.be\/fr\/fonctionnalites\/planification-des-evenements-et-des-jours-feries\/#breadcrumb\",\"itemListElement\":[{\"@type\":\"ListItem\",\"position\":1,\"name\":\"Home\",\"item\":\"https:\/\/telavox.be\/fr\/\"},{\"@type\":\"ListItem\",\"position\":2,\"name\":\"Fonctionnalites\",\"item\":\"https:\/\/telavox.be\/fr\/fonctionnalites\/\"},{\"@type\":\"ListItem\",\"position\":3,\"name\":\"Plateforme de t\u00e9l\u00e9phonie\",\"item\":\"https:\/\/telavox.be\/fr\/feature-category\/plateforme-de-telephonie\/\"},{\"@type\":\"ListItem\",\"position\":4,\"name\":\"Planification des \u00e9v\u00e9nements et des jours f\u00e9ri\u00e9s\"}]},{\"@type\":\"WebSite\",\"@id\":\"https:\/\/telavox.be\/fr\/#website\",\"url\":\"https:\/\/telavox.be\/fr\/\",\"name\":\"Telavox\",\"description\":\"Telavox | F\u00f6retagstelefoni, v\u00e4xel och \u00e4rendehantering integrerat med dina favoritsystem\",\"publisher\":{\"@id\":\"https:\/\/telavox.be\/fr\/#organization\"},\"potentialAction\":[{\"@type\":\"SearchAction\",\"target\":{\"@type\":\"EntryPoint\",\"urlTemplate\":\"https:\/\/telavox.be\/fr\/?s={search_term_string}\"},\"query-input\":{\"@type\":\"PropertyValueSpecification\",\"valueRequired\":true,\"valueName\":\"search_term_string\"}}],\"inLanguage\":\"fr-FR\"},{\"@type\":\"Organization\",\"@id\":\"https:\/\/telavox.be\/fr\/#organization\",\"name\":\"Telavox\",\"url\":\"https:\/\/telavox.be\/fr\/\",\"logo\":{\"@type\":\"ImageObject\",\"inLanguage\":\"fr-FR\",\"@id\":\"https:\/\/telavox.be\/fr\/#\/schema\/logo\/image\/\",\"url\":\"https:\/\/telavox.be\/wp-content\/uploads\/2026\/03\/Telavox-Logo-RGB-Green-scaled.png\",\"contentUrl\":\"https:\/\/telavox.be\/wp-content\/uploads\/2026\/03\/Telavox-Logo-RGB-Green-scaled.png\",\"width\":2560,\"height\":432,\"caption\":\"Telavox\"},\"image\":{\"@id\":\"https:\/\/telavox.be\/fr\/#\/schema\/logo\/image\/\"},\"sameAs\":[\"https:\/\/www.facebook.com\/telavox\/\",\"https:\/\/x.com\/telavox\",\"https:\/\/www.linkedin.com\/company\/telavox\/\",\"https:\/\/www.instagram.com\/telavox\/\",\"https:\/\/www.youtube.com\/channel\/UCQqir-waeD7753eHPZtcKmg\"],\"telephone\":\"020100000\",\"legalName\":\"Telavox AB\",\"vatID\":\"SE556600778601\",\"numberOfEmployees\":{\"@type\":\"QuantitativeValue\",\"minValue\":\"201\",\"maxValue\":\"500\"}}]}<\/script>\n<!-- \/ Yoast SEO Premium plugin. -->","yoast_head_json":{"title":"Planification des \u00e9v\u00e9nements et des jours f\u00e9ri\u00e9s | Telavox","description":"Avec cette fonctionnalit\u00e9, g\u00e9rer les horaires d\u2019ouverture de votre plateforme t\u00e9l\u00e9phonique n\u2019a jamais \u00e9t\u00e9 aussi simple. Telavox","robots":{"index":"index","follow":"follow","max-snippet":"max-snippet:-1","max-image-preview":"max-image-preview:large","max-video-preview":"max-video-preview:-1"},"canonical":"https:\/\/telavox.be\/fr\/fonctionnalites\/planification-des-evenements-et-des-jours-feries\/","og_locale":"fr_FR","og_type":"article","og_title":"Planification des \u00e9v\u00e9nements et des jours f\u00e9ri\u00e9s","og_description":"Avec cette fonctionnalit\u00e9, g\u00e9rer les horaires d\u2019ouverture de votre plateforme t\u00e9l\u00e9phonique n\u2019a jamais \u00e9t\u00e9 aussi simple. Telavox","og_url":"https:\/\/telavox.be\/fr\/fonctionnalites\/planification-des-evenements-et-des-jours-feries\/","og_site_name":"Telavox","article_publisher":"https:\/\/www.facebook.com\/telavox\/","article_modified_time":"2025-07-31T20:34:34+00:00","og_image":[{"width":2458,"height":1348,"url":"https:\/\/telavox.be\/wp-content\/uploads\/2025\/04\/scheduled-events-pbx-telavox.png","type":"image\/png"}],"twitter_card":"summary_large_image","twitter_site":"@telavox","twitter_misc":{"Dur\u00e9e de lecture estim\u00e9e":"2 minutes"},"schema":{"@context":"https:\/\/schema.org","@graph":[{"@type":"WebPage","@id":"https:\/\/telavox.be\/fr\/fonctionnalites\/planification-des-evenements-et-des-jours-feries\/","url":"https:\/\/telavox.be\/fr\/fonctionnalites\/planification-des-evenements-et-des-jours-feries\/","name":"Planification des \u00e9v\u00e9nements et des jours f\u00e9ri\u00e9s | Telavox","isPartOf":{"@id":"https:\/\/telavox.be\/fr\/#website"},"primaryImageOfPage":{"@id":"https:\/\/telavox.be\/fr\/fonctionnalites\/planification-des-evenements-et-des-jours-feries\/#primaryimage"},"image":{"@id":"https:\/\/telavox.be\/fr\/fonctionnalites\/planification-des-evenements-et-des-jours-feries\/#primaryimage"},"thumbnailUrl":"https:\/\/telavox.be\/wp-content\/uploads\/2025\/04\/scheduled-events-pbx-telavox.png","datePublished":"2025-03-26T10:24:22+00:00","dateModified":"2025-07-31T20:34:34+00:00","description":"Avec cette fonctionnalit\u00e9, g\u00e9rer les horaires d\u2019ouverture de votre plateforme t\u00e9l\u00e9phonique n\u2019a jamais \u00e9t\u00e9 aussi simple. Telavox","breadcrumb":{"@id":"https:\/\/telavox.be\/fr\/fonctionnalites\/planification-des-evenements-et-des-jours-feries\/#breadcrumb"},"inLanguage":"fr-FR","potentialAction":[{"@type":"ReadAction","target":["https:\/\/telavox.be\/fr\/fonctionnalites\/planification-des-evenements-et-des-jours-feries\/"]}]},{"@type":"ImageObject","inLanguage":"fr-FR","@id":"https:\/\/telavox.be\/fr\/fonctionnalites\/planification-des-evenements-et-des-jours-feries\/#primaryimage","url":"https:\/\/telavox.be\/wp-content\/uploads\/2025\/04\/scheduled-events-pbx-telavox.png","contentUrl":"https:\/\/telavox.be\/wp-content\/uploads\/2025\/04\/scheduled-events-pbx-telavox.png","width":2458,"height":1348},{"@type":"BreadcrumbList","@id":"https:\/\/telavox.be\/fr\/fonctionnalites\/planification-des-evenements-et-des-jours-feries\/#breadcrumb","itemListElement":[{"@type":"ListItem","position":1,"name":"Home","item":"https:\/\/telavox.be\/fr\/"},{"@type":"ListItem","position":2,"name":"Fonctionnalites","item":"https:\/\/telavox.be\/fr\/fonctionnalites\/"},{"@type":"ListItem","position":3,"name":"Plateforme de t\u00e9l\u00e9phonie","item":"https:\/\/telavox.be\/fr\/feature-category\/plateforme-de-telephonie\/"},{"@type":"ListItem","position":4,"name":"Planification des \u00e9v\u00e9nements et des jours f\u00e9ri\u00e9s"}]},{"@type":"WebSite","@id":"https:\/\/telavox.be\/fr\/#website","url":"https:\/\/telavox.be\/fr\/","name":"Telavox","description":"Telavox | F\u00f6retagstelefoni, v\u00e4xel och \u00e4rendehantering integrerat med dina favoritsystem","publisher":{"@id":"https:\/\/telavox.be\/fr\/#organization"},"potentialAction":[{"@type":"SearchAction","target":{"@type":"EntryPoint","urlTemplate":"https:\/\/telavox.be\/fr\/?s={search_term_string}"},"query-input":{"@type":"PropertyValueSpecification","valueRequired":true,"valueName":"search_term_string"}}],"inLanguage":"fr-FR"},{"@type":"Organization","@id":"https:\/\/telavox.be\/fr\/#organization","name":"Telavox","url":"https:\/\/telavox.be\/fr\/","logo":{"@type":"ImageObject","inLanguage":"fr-FR","@id":"https:\/\/telavox.be\/fr\/#\/schema\/logo\/image\/","url":"https:\/\/telavox.be\/wp-content\/uploads\/2026\/03\/Telavox-Logo-RGB-Green-scaled.png","contentUrl":"https:\/\/telavox.be\/wp-content\/uploads\/2026\/03\/Telavox-Logo-RGB-Green-scaled.png","width":2560,"height":432,"caption":"Telavox"},"image":{"@id":"https:\/\/telavox.be\/fr\/#\/schema\/logo\/image\/"},"sameAs":["https:\/\/www.facebook.com\/telavox\/","https:\/\/x.com\/telavox","https:\/\/www.linkedin.com\/company\/telavox\/","https:\/\/www.instagram.com\/telavox\/","https:\/\/www.youtube.com\/channel\/UCQqir-waeD7753eHPZtcKmg"],"telephone":"020100000","legalName":"Telavox AB","vatID":"SE556600778601","numberOfEmployees":{"@type":"QuantitativeValue","minValue":"201","maxValue":"500"}}]}},"_links":{"self":[{"href":"https:\/\/telavox.be\/fr\/wp-json\/wp\/v2\/feature\/23702","targetHints":{"allow":["GET"]}}],"collection":[{"href":"https:\/\/telavox.be\/fr\/wp-json\/wp\/v2\/feature"}],"about":[{"href":"https:\/\/telavox.be\/fr\/wp-json\/wp\/v2\/types\/feature"}],"wp:featuredmedia":[{"embeddable":true,"href":"https:\/\/telavox.be\/fr\/wp-json\/wp\/v2\/media\/23700"}],"wp:attachment":[{"href":"https:\/\/telavox.be\/fr\/wp-json\/wp\/v2\/media?parent=23702"}],"wp:term":[{"taxonomy":"feature-category","embeddable":true,"href":"https:\/\/telavox.be\/fr\/wp-json\/wp\/v2\/feature-category?post=23702"}],"curies":[{"name":"wp","href":"https:\/\/api.w.org\/{rel}","templated":true}]}}